{"id":926,"date":"2023-03-03T11:08:34","date_gmt":"2023-03-03T10:08:34","guid":{"rendered":"https:\/\/meyer-autohaus.de\/?page_id=926"},"modified":"2023-03-10T08:58:29","modified_gmt":"2023-03-10T07:58:29","slug":"forthing-5","status":"publish","type":"page","link":"https:\/\/meyer-autohaus.de\/index.php\/forthing-5\/","title":{"rendered":"Forthing 5"},"content":{"rendered":"\t\t<div data-elementor-type=\"wp-page\" data-elementor-id=\"926\" class=\"elementor elementor-926\" data-elementor-post-type=\"page\">\n\t\t\t\t\t\t<section data-particles-style=\"{\n  &quot;particles&quot;: {\n    &quot;number&quot;: {\n      &quot;value&quot;: 60,\n      &quot;density&quot;: {\n        &quot;enable&quot;: true,\n        &quot;value_area&quot;: 800\n      }\n    },\n    &quot;color&quot;: {\n      &quot;value&quot;: &quot;#ffffff&quot;\n    },\n    &quot;shape&quot;: {\n      &quot;type&quot;: &quot;circle&quot;,\n      &quot;stroke&quot;: {\n        &quot;width&quot;: 0,\n        &quot;color&quot;: &quot;#000000&quot;\n      },\n      &quot;polygon&quot;: {\n        &quot;nb_sides&quot;: 0\n      },\n      &quot;image&quot;: {\n        &quot;src&quot;: &quot;img\/github.svg&quot;,\n        &quot;width&quot;: 100,\n        &quot;height&quot;: 100\n      }\n    },\n    &quot;opacity&quot;: {\n      &quot;value&quot;: 0.749690259550659,\n      &quot;random&quot;: false,\n      &quot;anim&quot;: {\n        &quot;enable&quot;: false,\n        &quot;speed&quot;: 1,\n        &quot;opacity_min&quot;: 0.1,\n        &quot;sync&quot;: false\n      }\n    },\n    &quot;size&quot;: {\n      &quot;value&quot;: 3,\n      &quot;random&quot;: true,\n      &quot;anim&quot;: {\n        &quot;enable&quot;: false,\n        &quot;speed&quot;: 40,\n        &quot;size_min&quot;: 0.1,\n        &quot;sync&quot;: false\n      }\n    },\n    &quot;line_linked&quot;: {\n      &quot;enable&quot;: false,\n      &quot;distance&quot;: 150,\n      &quot;color&quot;: &quot;#ffffff&quot;,\n      &quot;opacity&quot;: 0.4,\n      &quot;width&quot;: 1\n    },\n    &quot;move&quot;: {\n      &quot;enable&quot;: true,\n      &quot;speed&quot;: 1.5,\n      &quot;direction&quot;: &quot;none&quot;,\n      &quot;random&quot;: false,\n      &quot;straight&quot;: false,\n      &quot;out_mode&quot;: &quot;out&quot;,\n      &quot;bounce&quot;: false,\n      &quot;attract&quot;: {\n        &quot;enable&quot;: false,\n        &quot;rotateX&quot;: 600,\n        &quot;rotateY&quot;: 1200\n      }\n    }\n  },\n  &quot;interactivity&quot;: {\n    &quot;detect_on&quot;: &quot;canvas&quot;,\n    &quot;events&quot;: {\n      &quot;onhover&quot;: {\n        &quot;enable&quot;: true,\n        &quot;mode&quot;: &quot;grab&quot;\n      },\n      &quot;onclick&quot;: {\n        &quot;enable&quot;: true,\n        &quot;mode&quot;: &quot;push&quot;\n      },\n      &quot;resize&quot;: true\n    },\n    &quot;modes&quot;: {\n      &quot;grab&quot;: {\n        &quot;distance&quot;: 143.85614385614386,\n        &quot;line_linked&quot;: {\n          &quot;opacity&quot;: 1\n        }\n      },\n      &quot;bubble&quot;: {\n        &quot;distance&quot;: 400,\n        &quot;size&quot;: 40,\n        &quot;duration&quot;: 2,\n        &quot;opacity&quot;: 8,\n        &quot;speed&quot;: 3\n      },\n      &quot;repulse&quot;: {\n        &quot;distance&quot;: 200,\n        &quot;duration&quot;: 0.4\n      },\n      &quot;push&quot;: {\n        &quot;particles_nb&quot;: 4\n      },\n      &quot;remove&quot;: {\n        &quot;particles_nb&quot;: 2\n      }\n    }\n  },\n  &quot;retina_detect&quot;: true\n}\" data-particles-zindex=\"0\" data-particles-devices=\"desktop tablet mobile\" class=\"elementor-section elementor-top-section elementor-element elementor-element-b6ecf7b elementor-section-full_width premium-particles-yes elementor-section-height-default elementor-section-height-default\" data-id=\"b6ecf7b\" data-element_type=\"section\" data-settings=\"{&quot;premium_particles_switcher&quot;:&quot;yes&quot;,&quot;premium_particles_custom_style&quot;:&quot;{\\n  \\&quot;particles\\&quot;: {\\n    \\&quot;number\\&quot;: {\\n      \\&quot;value\\&quot;: 60,\\n      \\&quot;density\\&quot;: {\\n        \\&quot;enable\\&quot;: true,\\n        \\&quot;value_area\\&quot;: 800\\n      }\\n    },\\n    \\&quot;color\\&quot;: {\\n      \\&quot;value\\&quot;: \\&quot;#ffffff\\&quot;\\n    },\\n    \\&quot;shape\\&quot;: {\\n      \\&quot;type\\&quot;: \\&quot;circle\\&quot;,\\n      \\&quot;stroke\\&quot;: {\\n        \\&quot;width\\&quot;: 0,\\n        \\&quot;color\\&quot;: \\&quot;#000000\\&quot;\\n      },\\n      \\&quot;polygon\\&quot;: {\\n        \\&quot;nb_sides\\&quot;: 0\\n      },\\n      \\&quot;image\\&quot;: {\\n        \\&quot;src\\&quot;: \\&quot;img\\\/github.svg\\&quot;,\\n        \\&quot;width\\&quot;: 100,\\n        \\&quot;height\\&quot;: 100\\n      }\\n    },\\n    \\&quot;opacity\\&quot;: {\\n      \\&quot;value\\&quot;: 0.749690259550659,\\n      \\&quot;random\\&quot;: false,\\n      \\&quot;anim\\&quot;: {\\n        \\&quot;enable\\&quot;: false,\\n        \\&quot;speed\\&quot;: 1,\\n        \\&quot;opacity_min\\&quot;: 0.1,\\n        \\&quot;sync\\&quot;: false\\n      }\\n    },\\n    \\&quot;size\\&quot;: {\\n      \\&quot;value\\&quot;: 3,\\n      \\&quot;random\\&quot;: true,\\n      \\&quot;anim\\&quot;: {\\n        \\&quot;enable\\&quot;: false,\\n        \\&quot;speed\\&quot;: 40,\\n        \\&quot;size_min\\&quot;: 0.1,\\n        \\&quot;sync\\&quot;: false\\n      }\\n    },\\n    \\&quot;line_linked\\&quot;: {\\n      \\&quot;enable\\&quot;: false,\\n      \\&quot;distance\\&quot;: 150,\\n      \\&quot;color\\&quot;: \\&quot;#ffffff\\&quot;,\\n      \\&quot;opacity\\&quot;: 0.4,\\n      \\&quot;width\\&quot;: 1\\n    },\\n    \\&quot;move\\&quot;: {\\n      \\&quot;enable\\&quot;: true,\\n      \\&quot;speed\\&quot;: 1.5,\\n      \\&quot;direction\\&quot;: \\&quot;none\\&quot;,\\n      \\&quot;random\\&quot;: false,\\n      \\&quot;straight\\&quot;: false,\\n      \\&quot;out_mode\\&quot;: \\&quot;out\\&quot;,\\n      \\&quot;bounce\\&quot;: false,\\n      \\&quot;attract\\&quot;: {\\n        \\&quot;enable\\&quot;: false,\\n        \\&quot;rotateX\\&quot;: 600,\\n        \\&quot;rotateY\\&quot;: 1200\\n      }\\n    }\\n  },\\n  \\&quot;interactivity\\&quot;: {\\n    \\&quot;detect_on\\&quot;: \\&quot;canvas\\&quot;,\\n    \\&quot;events\\&quot;: {\\n      \\&quot;onhover\\&quot;: {\\n        \\&quot;enable\\&quot;: true,\\n        \\&quot;mode\\&quot;: \\&quot;grab\\&quot;\\n      },\\n      \\&quot;onclick\\&quot;: {\\n        \\&quot;enable\\&quot;: true,\\n        \\&quot;mode\\&quot;: \\&quot;push\\&quot;\\n      },\\n      \\&quot;resize\\&quot;: true\\n    },\\n    \\&quot;modes\\&quot;: {\\n      \\&quot;grab\\&quot;: {\\n        \\&quot;distance\\&quot;: 143.85614385614386,\\n        \\&quot;line_linked\\&quot;: {\\n          \\&quot;opacity\\&quot;: 1\\n        }\\n      },\\n      \\&quot;bubble\\&quot;: {\\n        \\&quot;distance\\&quot;: 400,\\n        \\&quot;size\\&quot;: 40,\\n        \\&quot;duration\\&quot;: 2,\\n        \\&quot;opacity\\&quot;: 8,\\n        \\&quot;speed\\&quot;: 3\\n      },\\n      \\&quot;repulse\\&quot;: {\\n        \\&quot;distance\\&quot;: 200,\\n        \\&quot;duration\\&quot;: 0.4\\n      },\\n      \\&quot;push\\&quot;: {\\n        \\&quot;particles_nb\\&quot;: 4\\n      },\\n      \\&quot;remove\\&quot;: {\\n        \\&quot;particles_nb\\&quot;: 2\\n      }\\n    }\\n  },\\n  \\&quot;retina_detect\\&quot;: true\\n}&quot;,&quot;premium_particles_zindex&quot;:0,&quot;premium_particles_responsive&quot;:[&quot;desktop&quot;,&quot;tablet&quot;,&quot;mobile&quot;]}\">\n\t\t\t\t\t\t<div class=\"elementor-container elementor-column-gap-default\">\n\t\t\t\t\t<div class=\"elementor-column elementor-col-100 elementor-top-column elementor-element elementor-element-591653a\" data-id=\"591653a\" data-element_type=\"column\">\n\t\t\t<div class=\"elementor-widget-wrap elementor-element-populated\">\n\t\t\t\t\t\t<div class=\"elementor-element elementor-element-ac526da elementor-widget elementor-widget-image\" data-id=\"ac526da\" data-element_type=\"widget\" data-widget_type=\"image.default\">\n\t\t\t\t<div class=\"elementor-widget-container\">\n\t\t\t\t\t\t\t\t\t\t\t\t\t\t\t<img fetchpriority=\"high\" decoding=\"async\" width=\"1894\" height=\"986\" src=\"https:\/\/meyer-autohaus.de\/wp-content\/uploads\/2023\/03\/2022-Dongfeng-Forthing-T5-1_cleanup.jpg\" class=\"attachment-2048x2048 size-2048x2048 wp-image-929\" alt=\"\" srcset=\"https:\/\/meyer-autohaus.de\/wp-content\/uploads\/2023\/03\/2022-Dongfeng-Forthing-T5-1_cleanup.jpg 1894w, https:\/\/meyer-autohaus.de\/wp-content\/uploads\/2023\/03\/2022-Dongfeng-Forthing-T5-1_cleanup-300x156.jpg 300w, https:\/\/meyer-autohaus.de\/wp-content\/uploads\/2023\/03\/2022-Dongfeng-Forthing-T5-1_cleanup-1024x533.jpg 1024w, https:\/\/meyer-autohaus.de\/wp-content\/uploads\/2023\/03\/2022-Dongfeng-Forthing-T5-1_cleanup-768x400.jpg 768w, https:\/\/meyer-autohaus.de\/wp-content\/uploads\/2023\/03\/2022-Dongfeng-Forthing-T5-1_cleanup-1536x800.jpg 1536w\" sizes=\"(max-width: 1894px) 100vw, 1894px\" \/>\t\t\t\t\t\t\t\t\t\t\t\t\t\t\t<\/div>\n\t\t\t\t<\/div>\n\t\t\t\t\t<\/div>\n\t\t<\/div>\n\t\t\t\t\t<\/div>\n\t\t<\/section>\n\t\t\t\t<section class=\"elementor-section elementor-top-section elementor-element elementor-element-82e8dc3 elementor-section-boxed elementor-section-height-default elementor-section-height-default\" data-id=\"82e8dc3\" data-element_type=\"section\">\n\t\t\t\t\t\t<div class=\"elementor-container elementor-column-gap-default\">\n\t\t\t\t\t<div class=\"elementor-column elementor-col-100 elementor-top-column elementor-element elementor-element-3d94af9\" data-id=\"3d94af9\" data-element_type=\"column\">\n\t\t\t<div class=\"elementor-widget-wrap elementor-element-populated\">\n\t\t\t\t\t\t<div class=\"elementor-element elementor-element-be16cad elementor-widget elementor-widget-heading\" data-id=\"be16cad\" data-element_type=\"widget\" data-widget_type=\"heading.default\">\n\t\t\t\t<div class=\"elementor-widget-container\">\n\t\t\t\t\t<h4 class=\"elementor-heading-title elementor-size-default\">Forthing 5<\/h4>\t\t\t\t<\/div>\n\t\t\t\t<\/div>\n\t\t\t\t<div class=\"elementor-element elementor-element-dd615c3 elementor-widget elementor-widget-text-editor\" data-id=\"dd615c3\" data-element_type=\"widget\" data-widget_type=\"text-editor.default\">\n\t\t\t\t<div class=\"elementor-widget-container\">\n\t\t\t\t\t\t\t\t\t<p>Im Forthing 5 erleben Sie erstklassigen und aussergew\u00f6hnlichen Fahrspass sowie Fahrkomfort zum absoluten Tiefstpreis. Das Fahrzeug besticht durch sein sch\u00f6nes und sportliches Design. Bei der Qualit\u00e4t wurde der Ma\u00dfstab sehr hoch angesetzt und bei den Gesch\u00e4ftspartnern auf namhafte Hersteller und Zulieferer zur\u00fcckgegriffen. Mit seinen 130KW starken 1,5 liter Turbotriebwerk bietet er dank der j\u00fcngsten Weiterentwicklung noch mehr Fahrvern\u00fcgen und Vielseitigkeit.<\/p>\t\t\t\t\t\t\t\t<\/div>\n\t\t\t\t<\/div>\n\t\t\t\t<div class=\"elementor-element elementor-element-d4de52d elementor-widget elementor-widget-heading\" data-id=\"d4de52d\" data-element_type=\"widget\" data-widget_type=\"heading.default\">\n\t\t\t\t<div class=\"elementor-widget-container\">\n\t\t\t\t\t<h2 class=\"elementor-heading-title elementor-size-default\">INTERIEUR<\/h2>\t\t\t\t<\/div>\n\t\t\t\t<\/div>\n\t\t\t\t<div class=\"elementor-element elementor-element-6ae28d0 elementor-widget elementor-widget-heading\" data-id=\"6ae28d0\" data-element_type=\"widget\" data-widget_type=\"heading.default\">\n\t\t\t\t<div class=\"elementor-widget-container\">\n\t\t\t\t\t<h2 class=\"elementor-heading-title elementor-size-default\">Forthing 5<\/h2>\t\t\t\t<\/div>\n\t\t\t\t<\/div>\n\t\t\t\t<div class=\"elementor-element elementor-element-9086de5 elementor-skin-slideshow elementor-arrows-yes elementor-widget elementor-widget-media-carousel\" data-id=\"9086de5\" data-element_type=\"widget\" data-settings=\"{&quot;space_between&quot;:{&quot;unit&quot;:&quot;px&quot;,&quot;size&quot;:8,&quot;sizes&quot;:[]},&quot;skin&quot;:&quot;slideshow&quot;,&quot;effect&quot;:&quot;slide&quot;,&quot;show_arrows&quot;:&quot;yes&quot;,&quot;speed&quot;:500,&quot;autoplay&quot;:&quot;yes&quot;,&quot;autoplay_speed&quot;:5000,&quot;loop&quot;:&quot;yes&quot;,&quot;pause_on_hover&quot;:&quot;yes&quot;,&quot;pause_on_interaction&quot;:&quot;yes&quot;,&quot;space_between_tablet&quot;:{&quot;unit&quot;:&quot;px&quot;,&quot;size&quot;:10,&quot;sizes&quot;:[]},&quot;space_between_mobile&quot;:{&quot;unit&quot;:&quot;px&quot;,&quot;size&quot;:10,&quot;sizes&quot;:[]}}\" data-widget_type=\"media-carousel.default\">\n\t\t\t\t<div class=\"elementor-widget-container\">\n\t\t\t\t\t\t\t\t\t<div class=\"elementor-swiper\">\n\t\t\t\t\t<div class=\"elementor-main-swiper swiper\" role=\"region\" aria-roledescription=\"carousel\" aria-label=\"Slider\">\n\t\t\t\t<div class=\"swiper-wrapper\">\n\t\t\t\t\t\t\t\t\t\t\t<div class=\"swiper-slide\" role=\"group\" aria-roledescription=\"slide\">\n\t\t\t\t\t\t\t\t\t<div class=\"elementor-carousel-image\" role=\"img\" aria-label=\"Forthing5 Innen5\" style=\"background-image: url(&#039;https:\/\/meyer-autohaus.de\/wp-content\/uploads\/2023\/03\/Forthing5-Innen5.jpg&#039;)\">\n\n\t\t\t\n\t\t\t\t\t<\/div>\n\t\t\t\t\t\t\t\t<\/div>\n\t\t\t\t\t\t\t\t\t\t\t<div class=\"swiper-slide\" role=\"group\" aria-roledescription=\"slide\">\n\t\t\t\t\t\t\t\t\t<div class=\"elementor-carousel-image\" role=\"img\" aria-label=\"Forthing_T5_EVO_009\" style=\"background-image: url(&#039;https:\/\/meyer-autohaus.de\/wp-content\/uploads\/2023\/03\/Forthing_T5_EVO_009-scaled.jpg&#039;)\">\n\n\t\t\t\n\t\t\t\t\t<\/div>\n\t\t\t\t\t\t\t\t<\/div>\n\t\t\t\t\t\t\t\t\t\t\t<div class=\"swiper-slide\" role=\"group\" aria-roledescription=\"slide\">\n\t\t\t\t\t\t\t\t\t<div class=\"elementor-carousel-image\" role=\"img\" aria-label=\"Forthing5 Innen\" style=\"background-image: url(&#039;https:\/\/meyer-autohaus.de\/wp-content\/uploads\/2023\/03\/Forthing5-Innen.jpg&#039;)\">\n\n\t\t\t\n\t\t\t\t\t<\/div>\n\t\t\t\t\t\t\t\t<\/div>\n\t\t\t\t\t\t\t\t\t\t\t<div class=\"swiper-slide\" role=\"group\" aria-roledescription=\"slide\">\n\t\t\t\t\t\t\t\t\t<div class=\"elementor-carousel-image\" role=\"img\" aria-label=\"Forthing_T5_EVO_009\" style=\"background-image: url(&#039;https:\/\/meyer-autohaus.de\/wp-content\/uploads\/2023\/03\/Forthing_T5_EVO_009-1-scaled.jpg&#039;)\">\n\n\t\t\t\n\t\t\t\t\t<\/div>\n\t\t\t\t\t\t\t\t<\/div>\n\t\t\t\t\t\t\t\t\t<\/div>\n\t\t\t\t\t\t\t\t\t\t\t\t\t\t\t<div class=\"elementor-swiper-button elementor-swiper-button-prev\" role=\"button\" tabindex=\"0\" aria-label=\"Voriger\">\n\t\t\t\t\t\t\t<i aria-hidden=\"true\" class=\"eicon-chevron-left\"><\/i>\t\t\t\t\t\t<\/div>\n\t\t\t\t\t\t<div class=\"elementor-swiper-button elementor-swiper-button-next\" role=\"button\" tabindex=\"0\" aria-label=\"N\u00e4chster\">\n\t\t\t\t\t\t\t<i aria-hidden=\"true\" class=\"eicon-chevron-right\"><\/i>\t\t\t\t\t\t<\/div>\n\t\t\t\t\t\t\t\t\t\t\t\t\t\t\t\t\t<\/div>\n\t\t\t\t<\/div>\n\t\t\t\t\t\t\t\t<div class=\"elementor-swiper\">\n\t\t\t\t\t<div class=\"elementor-main-swiper swiper elementor-thumbnails-swiper swiper\" role=\"region region\" aria-roledescription=\"carousel carousel\" aria-label=\"Slider Slider\">\n\t\t\t\t<div class=\"swiper-wrapper\">\n\t\t\t\t\t\t\t\t\t\t\t<div class=\"swiper-slide\" role=\"group\" aria-roledescription=\"slide\">\n\t\t\t\t\t\t\t\t\t<div class=\"elementor-carousel-image\" role=\"img\" aria-label=\"Forthing5 Innen5\" style=\"background-image: url(&#039;https:\/\/meyer-autohaus.de\/wp-content\/uploads\/2023\/03\/Forthing5-Innen5.jpg&#039;)\">\n\n\t\t\t\n\t\t\t\t\t<\/div>\n\t\t\t\t\t\t\t\t<\/div>\n\t\t\t\t\t\t\t\t\t\t\t<div class=\"swiper-slide\" role=\"group\" aria-roledescription=\"slide\">\n\t\t\t\t\t\t\t\t\t<div class=\"elementor-carousel-image\" role=\"img\" aria-label=\"Forthing_T5_EVO_009\" style=\"background-image: url(&#039;https:\/\/meyer-autohaus.de\/wp-content\/uploads\/2023\/03\/Forthing_T5_EVO_009-scaled.jpg&#039;)\">\n\n\t\t\t\n\t\t\t\t\t<\/div>\n\t\t\t\t\t\t\t\t<\/div>\n\t\t\t\t\t\t\t\t\t\t\t<div class=\"swiper-slide\" role=\"group\" aria-roledescription=\"slide\">\n\t\t\t\t\t\t\t\t\t<div class=\"elementor-carousel-image\" role=\"img\" aria-label=\"Forthing5 Innen\" style=\"background-image: url(&#039;https:\/\/meyer-autohaus.de\/wp-content\/uploads\/2023\/03\/Forthing5-Innen.jpg&#039;)\">\n\n\t\t\t\n\t\t\t\t\t<\/div>\n\t\t\t\t\t\t\t\t<\/div>\n\t\t\t\t\t\t\t\t\t\t\t<div class=\"swiper-slide\" role=\"group\" aria-roledescription=\"slide\">\n\t\t\t\t\t\t\t\t\t<div class=\"elementor-carousel-image\" role=\"img\" aria-label=\"Forthing_T5_EVO_009\" style=\"background-image: url(&#039;https:\/\/meyer-autohaus.de\/wp-content\/uploads\/2023\/03\/Forthing_T5_EVO_009-1-scaled.jpg&#039;)\">\n\n\t\t\t\n\t\t\t\t\t<\/div>\n\t\t\t\t\t\t\t\t<\/div>\n\t\t\t\t\t\t\t\t\t<\/div>\n\t\t\t\t\t\t\t\t\t\t\t\t\t\t\t\t\t\t\t\t\t<\/div>\n\t\t\t\t<\/div>\n\t\t\t\t\t\t\t\t<\/div>\n\t\t\t\t<\/div>\n\t\t\t\t\t<\/div>\n\t\t<\/div>\n\t\t\t\t\t<\/div>\n\t\t<\/section>\n\t\t\t\t<section class=\"elementor-section elementor-top-section elementor-element elementor-element-78068ef elementor-section-boxed elementor-section-height-default elementor-section-height-default\" data-id=\"78068ef\" data-element_type=\"section\" data-settings=\"{&quot;background_background&quot;:&quot;classic&quot;}\">\n\t\t\t\t\t\t<div class=\"elementor-container elementor-column-gap-default\">\n\t\t\t\t\t<div class=\"elementor-column elementor-col-100 elementor-top-column elementor-element elementor-element-4995734\" data-id=\"4995734\" data-element_type=\"column\">\n\t\t\t<div class=\"elementor-widget-wrap elementor-element-populated\">\n\t\t\t\t\t\t<div class=\"elementor-element elementor-element-37f2880 elementor-widget elementor-widget-heading\" data-id=\"37f2880\" data-element_type=\"widget\" data-widget_type=\"heading.default\">\n\t\t\t\t<div class=\"elementor-widget-container\">\n\t\t\t\t\t<h2 class=\"elementor-heading-title elementor-size-default\">EXTERIEUR<\/h2>\t\t\t\t<\/div>\n\t\t\t\t<\/div>\n\t\t\t\t<div class=\"elementor-element elementor-element-f64c911 elementor-widget elementor-widget-heading\" data-id=\"f64c911\" data-element_type=\"widget\" data-widget_type=\"heading.default\">\n\t\t\t\t<div class=\"elementor-widget-container\">\n\t\t\t\t\t<h2 class=\"elementor-heading-title elementor-size-default\">Forthing 5<\/h2>\t\t\t\t<\/div>\n\t\t\t\t<\/div>\n\t\t\t\t<div class=\"elementor-element elementor-element-e81c6c5 elementor-skin-coverflow elementor-arrows-yes elementor-pagination-type-bullets elementor-pagination-position-outside elementor-widget elementor-widget-media-carousel\" data-id=\"e81c6c5\" data-element_type=\"widget\" data-settings=\"{&quot;space_between&quot;:{&quot;unit&quot;:&quot;px&quot;,&quot;size&quot;:8,&quot;sizes&quot;:[]},&quot;skin&quot;:&quot;coverflow&quot;,&quot;slides_per_view&quot;:&quot;1&quot;,&quot;show_arrows&quot;:&quot;yes&quot;,&quot;pagination&quot;:&quot;bullets&quot;,&quot;speed&quot;:500,&quot;autoplay&quot;:&quot;yes&quot;,&quot;autoplay_speed&quot;:5000,&quot;loop&quot;:&quot;yes&quot;,&quot;pause_on_hover&quot;:&quot;yes&quot;,&quot;pause_on_interaction&quot;:&quot;yes&quot;,&quot;space_between_tablet&quot;:{&quot;unit&quot;:&quot;px&quot;,&quot;size&quot;:10,&quot;sizes&quot;:[]},&quot;space_between_mobile&quot;:{&quot;unit&quot;:&quot;px&quot;,&quot;size&quot;:10,&quot;sizes&quot;:[]}}\" data-widget_type=\"media-carousel.default\">\n\t\t\t\t<div class=\"elementor-widget-container\">\n\t\t\t\t\t\t\t\t\t<div class=\"elementor-swiper\">\n\t\t\t\t\t<div class=\"elementor-main-swiper swiper\" role=\"region\" aria-roledescription=\"carousel\" aria-label=\"Slider\">\n\t\t\t\t<div class=\"swiper-wrapper\">\n\t\t\t\t\t\t\t\t\t\t\t<div class=\"swiper-slide\" role=\"group\" aria-roledescription=\"slide\">\n\t\t\t\t\t\t\t\t\t<div class=\"elementor-carousel-image\" role=\"img\" aria-label=\"2022-Dongfeng-Forthing-T5-1_cleanup\" style=\"background-image: url(&#039;https:\/\/meyer-autohaus.de\/wp-content\/uploads\/2023\/03\/2022-Dongfeng-Forthing-T5-1_cleanup.jpg&#039;)\">\n\n\t\t\t\n\t\t\t\t\t<\/div>\n\t\t\t\t\t\t\t\t<\/div>\n\t\t\t\t\t\t\t\t\t\t\t<div class=\"swiper-slide\" role=\"group\" aria-roledescription=\"slide\">\n\t\t\t\t\t\t\t\t\t<div class=\"elementor-carousel-image\" role=\"img\" aria-label=\"T5EVO-Custom-scaled\" style=\"background-image: url(&#039;https:\/\/meyer-autohaus.de\/wp-content\/uploads\/2023\/03\/T5EVO-Custom-scaled-1.jpg&#039;)\">\n\n\t\t\t\n\t\t\t\t\t<\/div>\n\t\t\t\t\t\t\t\t<\/div>\n\t\t\t\t\t\t\t\t\t\t\t<div class=\"swiper-slide\" role=\"group\" aria-roledescription=\"slide\">\n\t\t\t\t\t\t\t\t\t<div class=\"elementor-carousel-image\" role=\"img\" aria-label=\"side-wall-op303-updated-2048x437-1\" style=\"background-image: url(&#039;https:\/\/meyer-autohaus.de\/wp-content\/uploads\/2023\/03\/side-wall-op303-updated-2048x437-1.jpg&#039;)\">\n\n\t\t\t\n\t\t\t\t\t<\/div>\n\t\t\t\t\t\t\t\t<\/div>\n\t\t\t\t\t\t\t\t\t<\/div>\n\t\t\t\t\t\t\t\t\t\t\t\t\t\t\t<div class=\"elementor-swiper-button elementor-swiper-button-prev\" role=\"button\" tabindex=\"0\" aria-label=\"Voriger\">\n\t\t\t\t\t\t\t<i aria-hidden=\"true\" class=\"eicon-chevron-left\"><\/i>\t\t\t\t\t\t<\/div>\n\t\t\t\t\t\t<div class=\"elementor-swiper-button elementor-swiper-button-next\" role=\"button\" tabindex=\"0\" aria-label=\"N\u00e4chster\">\n\t\t\t\t\t\t\t<i aria-hidden=\"true\" class=\"eicon-chevron-right\"><\/i>\t\t\t\t\t\t<\/div>\n\t\t\t\t\t\t\t\t\t\t\t\t\t\t\t\t<div class=\"swiper-pagination\"><\/div>\n\t\t\t\t\t\t\t\t\t\t\t\t<\/div>\n\t\t\t\t<\/div>\n\t\t\t\t\t\t\t\t<\/div>\n\t\t\t\t<\/div>\n\t\t\t\t\t<\/div>\n\t\t<\/div>\n\t\t\t\t\t<\/div>\n\t\t<\/section>\n\t\t\t\t<section class=\"elementor-section elementor-top-section elementor-element elementor-element-88ece98 elementor-section-boxed elementor-section-height-default elementor-section-height-default\" data-id=\"88ece98\" data-element_type=\"section\">\n\t\t\t\t\t\t<div class=\"elementor-container elementor-column-gap-default\">\n\t\t\t\t\t<div class=\"elementor-column elementor-col-50 elementor-top-column elementor-element elementor-element-ca69464\" data-id=\"ca69464\" data-element_type=\"column\">\n\t\t\t<div class=\"elementor-widget-wrap elementor-element-populated\">\n\t\t\t\t\t\t<div class=\"elementor-element elementor-element-3ab5579 elementor-widget elementor-widget-text-editor\" data-id=\"3ab5579\" data-element_type=\"widget\" data-widget_type=\"text-editor.default\">\n\t\t\t\t<div class=\"elementor-widget-container\">\n\t\t\t\t\t\t\t\t\t<p><strong><em><u>Steuerung-Bedienung-Sicherheit<\/u><\/em><\/strong><\/p><ul><li><em>ABS-(Antiblockiersystem)<\/em><\/li><li><em>EBD-(Elektronische Bremskraftverteilung)<\/em><\/li><li><em>HBA-(Hydraulischer Bremsassistent)<\/em><\/li><li><em>EBA-(Notbrems-Assistent)<\/em><\/li><li><em>BA-(Bremsassistent)<\/em><\/li><li><em>ASR-(Antriebsschlupfregelung)<\/em><\/li><li><em>TCS\/TRC-(Traktions-Controllsystem)<\/em><\/li><li><em>ESP-(Elektronisches Stabilit\u00e4tsprogramm)<\/em><\/li><li><em>DSC-(Dynamic-Stability-Control)<\/em><\/li><li><em>BSD-Totwinkelassistent<\/em><\/li><li><em>Automatische Einparkhilfe<\/em><\/li><li><em><span lang=\"en-US\">Start-Stop-Knopf \/ Keyless start<\/span><\/em><\/li><li><em><span lang=\"en-US\">Keyless entry<\/span><\/em><\/li><li><em><span lang=\"en-US\">HHC-Hill Hold Control-(Berganfahrhilfe)<\/span><\/em><\/li><li><em>HDC-(Bergabfahrkontrolle)<\/em><\/li><li><em>Reifendruck-Kontrollsystem<\/em><\/li><li><em>Geschwindigkeitsregelanlage<\/em><\/li><li><em>Komfort\u00f6ffnung- Schlie\u00dfung der Fenster<\/em><\/li><li><em>Fahrer- und Beifahrerairbags<\/em><\/li><li><em>Seitenairbags vorn<\/em><\/li><li><em>Curtain-Airbags (Seitenvorhang)<\/em><\/li><li><em>Gurtwarner Fahrersitz (Symbol od. Ton)<\/em><\/li><li><em>Gurtwarner Beifahrersitz (Symbol od. Ton)<\/em><\/li><li><em>Gurtwarner hinten<\/em><\/li><li><em>PDC vorn\/hinten<\/em><\/li><li><em>360\u00b0- Kamera<\/em><\/li><\/ul>\t\t\t\t\t\t\t\t<\/div>\n\t\t\t\t<\/div>\n\t\t\t\t\t<\/div>\n\t\t<\/div>\n\t\t\t\t<div class=\"elementor-column elementor-col-50 elementor-top-column elementor-element elementor-element-507a269\" data-id=\"507a269\" data-element_type=\"column\">\n\t\t\t<div class=\"elementor-widget-wrap elementor-element-populated\">\n\t\t\t\t\t\t<div class=\"elementor-element elementor-element-4dc82dd elementor-widget elementor-widget-text-editor\" data-id=\"4dc82dd\" data-element_type=\"widget\" data-widget_type=\"text-editor.default\">\n\t\t\t\t<div class=\"elementor-widget-container\">\n\t\t\t\t\t\t\t\t\t<ul><li><strong><em><u>Exterieur<\/u><\/em><\/strong><\/li><li><em>Panorama-Glasdach<\/em><\/li><li><em>Elektrisch verstellbare Au\u00dfenspiegel<\/em><\/li><li><em>Beheizbare Au\u00dfenspiegel<\/em><\/li><li><em>Einklappen der Au\u00dfenspiegel bei Verrieglung<\/em><\/li><li><em>Elektrische Heckklappe<\/em><\/li><\/ul><p><strong><em><u>Interior<\/u><\/em><\/strong><\/p><ul><li><em>Multifunktionslenkrad (Leder)<\/em><\/li><li><em>Hochwertige Kunstlederausstattung<\/em><\/li><li><em>Manuell abblendbarer Innenspiegel<\/em><\/li><li><em>Elektrische Fensterheber vorn\/hinten<\/em><\/li><li><em>Fahrersitz 8-Fach elektrisch verstellbar<\/em><\/li><li><em>Beifahrersitz 4-Fach manuell verstellbar<\/em><\/li><\/ul><p style=\"margin-bottom: 11px; color: #333333; font-family: Roboto; font-size: 13px; font-style: normal;\"><em><span style=\"font-family: Arial, Helvetica, sans-serif;\"><span style=\"line-height: 14.04px;\"><span style=\"font-size: 13pt;\"><u><b>Entertainment und Cockpit<\/b><\/u><\/span><\/span><\/span><\/em><\/p><p><em style=\"font-size: 13px; color: #333333; font-family: Roboto;\"><span style=\"font-family: Arial, Helvetica, sans-serif;\"><span style=\"font-weight: normal;\"><span style=\"line-height: 14.04px;\"><span style=\"font-size: 13pt;\">Radio<\/span><\/span><\/span><\/span><\/em><br \/><em style=\"font-size: 13px; color: #333333; font-family: Roboto;\"><span style=\"font-family: Arial, Helvetica, sans-serif;\"><span style=\"font-weight: normal;\"><span style=\"line-height: 14.04px;\"><span style=\"font-size: 13pt;\">6 Lautsprecher<\/span><\/span><\/span><\/span><\/em><br \/><em style=\"font-size: 13px; color: #333333; font-family: Roboto;\"><span style=\"font-family: Arial, Helvetica, sans-serif;\"><span style=\"font-weight: normal;\"><span style=\"line-height: 14.04px;\"><span style=\"font-size: 13pt;\">Kombiinstrument LCD<\/span><\/span><\/span><\/span><\/em><br \/><em style=\"font-size: 13px; color: #333333; font-family: Roboto;\"><span style=\"font-family: Arial, Helvetica, sans-serif;\"><span style=\"font-weight: normal;\"><span style=\"line-height: 14.04px;\"><span style=\"font-size: 13pt;\">Bluetooth<\/span><\/span><\/span><\/span><\/em><br \/><em style=\"font-size: 13px; color: #333333; font-family: Roboto;\"><span style=\"font-family: Arial, Helvetica, sans-serif;\"><span style=\"font-weight: normal;\"><span style=\"line-height: 14.04px;\"><span style=\"font-size: 13pt;\">Mobiltelefon-Verbindung<\/span><\/span><\/span><\/span><\/em><br \/><em style=\"font-size: 13px; color: #333333; font-family: Roboto;\"><span style=\"font-family: Arial, Helvetica, sans-serif;\"><span style=\"font-weight: normal;\"><span style=\"line-height: 14.04px;\"><span style=\"font-size: 13pt;\">WIFI<\/span><\/span><\/span><\/span><\/em><br \/><em style=\"font-size: 13px; color: #333333; font-family: Roboto;\"><span style=\"font-family: Arial, Helvetica, sans-serif;\"><span style=\"font-weight: normal;\"><span style=\"line-height: 14.04px;\"><span style=\"font-size: 13pt;\">USB<\/span><\/span><\/span><\/span><\/em><\/p><p><strong><em><u>Klimatisierung und L\u00fcftung<\/u><\/em><\/strong><\/p><ul><li><em>Klimaanlage<\/em><\/li><li><em>Luftauslass hinten<\/em><\/li><\/ul>\t\t\t\t\t\t\t\t<\/div>\n\t\t\t\t<\/div>\n\t\t\t\t\t<\/div>\n\t\t<\/div>\n\t\t\t\t\t<\/div>\n\t\t<\/section>\n\t\t\t\t<section class=\"elementor-section elementor-top-section elementor-element elementor-element-13d0008 elementor-section-boxed elementor-section-height-default elementor-section-height-default\" data-id=\"13d0008\" data-element_type=\"section\">\n\t\t\t\t\t\t<div class=\"elementor-container elementor-column-gap-default\">\n\t\t\t\t\t<div class=\"elementor-column elementor-col-100 elementor-top-column elementor-element elementor-element-c0c8d0d\" data-id=\"c0c8d0d\" data-element_type=\"column\">\n\t\t\t<div class=\"elementor-widget-wrap elementor-element-populated\">\n\t\t\t\t\t\t<div class=\"elementor-element elementor-element-363919c elementor-widget elementor-widget-heading\" data-id=\"363919c\" data-element_type=\"widget\" data-widget_type=\"heading.default\">\n\t\t\t\t<div class=\"elementor-widget-container\">\n\t\t\t\t\t<h2 class=\"elementor-heading-title elementor-size-default\">Technische Daten<\/h2>\t\t\t\t<\/div>\n\t\t\t\t<\/div>\n\t\t\t\t<div class=\"elementor-element elementor-element-1aaaa2e elementor-widget elementor-widget-text-editor\" data-id=\"1aaaa2e\" data-element_type=\"widget\" data-widget_type=\"text-editor.default\">\n\t\t\t\t<div class=\"elementor-widget-container\">\n\t\t\t\t\t\t\t\t\t<table width=\"573\" align=\"left\"><tbody><tr><td bgcolor=\"#f7f7f7\"><p><span style=\"font-family: Arial, Helvetica, sans-serif;\"><i>Parameter\u00a0<\/i><\/span><\/p><\/td><td bgcolor=\"#f7f7f7\"><p><span style=\"font-family: Arial, Helvetica, sans-serif;\"><i>1,5L Turbo DVVT-GDI<\/i><\/span><\/p><\/td><\/tr><tr><td bgcolor=\"#f7f7f7\"><p><span style=\"font-family: Arial, Helvetica, sans-serif;\"><i>H\u00f6chstgeschwindigkeit<\/i><\/span><\/p><\/td><td bgcolor=\"#f7f7f7\"><p><span style=\"font-family: Arial, Helvetica, sans-serif;\"><i>180<\/i><\/span><\/p><\/td><\/tr><tr><td bgcolor=\"#f7f7f7\"><p><span style=\"font-family: Arial, Helvetica, sans-serif;\"><i>Hubraum<\/i><\/span><\/p><\/td><td bgcolor=\"#f7f7f7\"><p><span style=\"font-family: Arial, Helvetica, sans-serif;\"><i>1481 cm<sup>3<\/sup><\/i><\/span><\/p><\/td><\/tr><tr><td bgcolor=\"#f7f7f7\"><p><span style=\"font-family: Arial, Helvetica, sans-serif;\"><i>Leistung<\/i><\/span><\/p><\/td><td bgcolor=\"#f7f7f7\"><p><span style=\"font-family: Arial, Helvetica, sans-serif;\"><i>130 kW\/5600 U\/min<\/i><\/span><\/p><\/td><\/tr><tr><td bgcolor=\"#f7f7f7\"><p><span style=\"font-family: Arial, Helvetica, sans-serif;\"><i>Drehmoment<\/i><\/span><\/p><\/td><td bgcolor=\"#f7f7f7\"><p><span style=\"font-family: Arial, Helvetica, sans-serif;\"><i>285 Nm<\/i><\/span><\/p><\/td><\/tr><tr><td bgcolor=\"#f7f7f7\"><p><span style=\"font-family: Arial, Helvetica, sans-serif;\"><i>Kraftstoff<\/i><\/span><\/p><\/td><td bgcolor=\"#f7f7f7\"><p><span style=\"font-family: Arial, Helvetica, sans-serif;\"><i>Benzin<\/i><\/span><\/p><\/td><\/tr><tr><td bgcolor=\"#f7f7f7\"><p><span style=\"font-family: Arial, Helvetica, sans-serif;\"><i>Getriebe<\/i><\/span><\/p><\/td><td bgcolor=\"#f7f7f7\"><p><span style=\"font-family: Arial, Helvetica, sans-serif;\"><i>7DCT<\/i><\/span><\/p><\/td><\/tr><tr><td bgcolor=\"#f7f7f7\"><p><span style=\"font-family: Arial, Helvetica, sans-serif;\"><i>L\/B\/H mm<\/i><\/span><\/p><\/td><td bgcolor=\"#f7f7f7\"><p><span style=\"font-family: Arial, Helvetica, sans-serif;\"><i>4650\/1862\/1690<\/i><\/span><\/p><\/td><\/tr><tr><td bgcolor=\"#f7f7f7\"><p><span style=\"font-family: Arial, Helvetica, sans-serif;\"><i>*Kofferraumvolumen<\/i><\/span><\/p><\/td><td bgcolor=\"#f7f7f7\"><p><span style=\"font-family: Arial, Helvetica, sans-serif;\"><i>370 L &#8211; 1420 L<\/i><\/span><\/p><\/td><\/tr><tr><td bgcolor=\"#f7f7f7\"><p><span style=\"font-family: Arial, Helvetica, sans-serif;\"><i>Antrieb<\/i><\/span><\/p><\/td><td bgcolor=\"#f7f7f7\"><p><span style=\"font-family: Arial, Helvetica, sans-serif;\"><i>Frontantrieb<\/i><\/span><\/p><\/td><\/tr><tr><td bgcolor=\"#f7f7f7\"><p><span style=\"font-family: Arial, Helvetica, sans-serif;\"><i>Sitze<\/i><\/span><\/p><\/td><td bgcolor=\"#f7f7f7\"><p><span style=\"font-family: Arial, Helvetica, sans-serif;\"><i>5<\/i><\/span><\/p><\/td><\/tr><tr><td bgcolor=\"#f7f7f7\"><p><span style=\"font-family: Arial, Helvetica, sans-serif;\"><i>R\u00e4der<\/i><\/span><\/p><\/td><td bgcolor=\"#f7f7f7\"><p><span style=\"font-family: Arial, Helvetica, sans-serif;\"><i>235\/55 R19<\/i><\/span><\/p><\/td><\/tr><tr><td bgcolor=\"#f7f7f7\"><p><span style=\"font-family: Arial, Helvetica, sans-serif;\"><i>Ersatzrad (Stahlfelge)<\/i><\/span><\/p><\/td><td bgcolor=\"#f7f7f7\"><p><span style=\"font-family: Arial, Helvetica, sans-serif;\"><i>T155\/90R17<\/i><\/span><\/p><\/td><\/tr><tr><td bgcolor=\"#f7f7f7\"><p><span style=\"font-family: Arial, Helvetica, sans-serif;\"><i>Radstand<\/i><\/span><\/p><\/td><td bgcolor=\"#f7f7f7\"><p><span style=\"font-family: Arial, Helvetica, sans-serif;\"><i>2715<\/i><\/span><\/p><\/td><\/tr><tr><td bgcolor=\"#f7f7f7\"><p><span style=\"font-family: Arial, Helvetica, sans-serif;\"><i>Leergewicht<\/i><\/span><\/p><\/td><td bgcolor=\"#f7f7f7\"><p><span style=\"font-family: Arial, Helvetica, sans-serif;\"><i>1625<\/i><\/span><\/p><\/td><\/tr><tr><td bgcolor=\"#f7f7f7\"><p><span style=\"font-family: Arial, Helvetica, sans-serif;\"><i>Anh\u00e4ngelast gebremst<\/i><\/span><\/p><\/td><td bgcolor=\"#f7f7f7\"><p><span style=\"font-family: Arial, Helvetica, sans-serif;\"><i>1500 kg (in Vorbereitung)<\/i><\/span><\/p><\/td><\/tr><tr><td bgcolor=\"#f7f7f7\"><p><span style=\"font-family: Arial, Helvetica, sans-serif;\"><i>Anh\u00e4ngelast ungebremst<\/i><\/span><\/p><\/td><td bgcolor=\"#f7f7f7\"><p><span style=\"font-family: Arial, Helvetica, sans-serif;\"><i>750 kg (in Vorbereitung)<\/i><\/span><\/p><\/td><\/tr><tr><td bgcolor=\"#f7f7f7\"><p><span style=\"font-family: Arial, Helvetica, sans-serif;\"><i>St\u00fctzlast<\/i><\/span><\/p><\/td><td bgcolor=\"#f7f7f7\"><p><span style=\"font-family: Arial, Helvetica, sans-serif;\"><i>75 kg (in Vorbereitung)<\/i><\/span><\/p><\/td><\/tr><tr><td bgcolor=\"#f7f7f7\"><p><span style=\"font-family: Arial, Helvetica, sans-serif;\"><i>Tankinhalt<\/i><\/span><\/p><\/td><td bgcolor=\"#f7f7f7\"><p><span style=\"font-family: Arial, Helvetica, sans-serif;\"><i>55 L<\/i><\/span><\/p><\/td><\/tr><tr><td colspan=\"2\" valign=\"top\" bgcolor=\"#f7f7f7\"><p><span style=\"font-family: Arial, Helvetica, sans-serif;\"><i>Kraftstoffverbrauch und Energieeffizienz<\/i><\/span><\/p><\/td><\/tr><tr><td bgcolor=\"#f7f7f7\"><p><span style=\"color: #000000;\"><span style=\"font-family: Arial, Helvetica, sans-serif;\"><i>*Verbrauch kombiniert WLTP<\/i><\/span><\/span><\/p><\/td><td bgcolor=\"#f7f7f7\"><p><span style=\"color: #000000;\"><span style=\"font-family: Arial, Helvetica, sans-serif;\"><i>6,9L\/100 km<\/i><\/span><\/span><\/p><\/td><\/tr><tr><td bgcolor=\"#f7f7f7\"><p><span style=\"color: #000000;\"><span style=\"font-family: Arial, Helvetica, sans-serif;\"><i>*CO<sub>2<\/sub>\u00a0Emission kombiniert WLTP<\/i><\/span><\/span><\/p><\/td><td bgcolor=\"#f7f7f7\"><p><span style=\"color: #000000;\"><span style=\"font-family: Arial, Helvetica, sans-serif;\"><i>162g<\/i><\/span><\/span><\/p><\/td><\/tr><tr><td bgcolor=\"#f7f7f7\"><p><span style=\"font-family: Arial, Helvetica, sans-serif;\"><i>Energieeffizienzklasse<\/i><\/span><\/p><\/td><td bgcolor=\"#f7f7f7\"><p><span style=\"font-family: Arial, Helvetica, sans-serif;\"><i>Auf Grundlage der gemessenen CO<sub>2\u00a0<\/sub>&#8211; Emission unter Ber\u00fccksichtigung der Masse des Fahrzeugs ermittelt.<\/i><\/span><\/p><\/td><\/tr><tr><td bgcolor=\"#f7f7f7\"><p><span style=\"font-family: Arial, Helvetica, sans-serif;\"><i>Abgasnorm<\/i><\/span><\/p><\/td><td bgcolor=\"#f7f7f7\"><p><span style=\"font-family: Arial, Helvetica, sans-serif;\"><i>Euro 6<\/i><\/span><\/p><\/td><\/tr><\/tbody><\/table>\t\t\t\t\t\t\t\t<\/div>\n\t\t\t\t<\/div>\n\t\t\t\t<div class=\"elementor-element elementor-element-49a756d elementor-align-left elementor-hidden-desktop elementor-hidden-tablet elementor-hidden-phone elementor-widget elementor-widget-button\" data-id=\"49a756d\" data-element_type=\"widget\" data-widget_type=\"button.default\">\n\t\t\t\t<div class=\"elementor-widget-container\">\n\t\t\t\t\t\t\t\t\t<div class=\"elementor-button-wrapper\">\n\t\t\t\t\t<a class=\"elementor-button elementor-button-link elementor-size-md\" href=\"https:\/\/meyer-autohaus.de\/\/wp-content\/uploads\/2020\/10\/Label-DFSK-Glory.pdf\">\n\t\t\t\t\t\t<span class=\"elementor-button-content-wrapper\">\n\t\t\t\t\t\t\t\t\t<span class=\"elementor-button-text\">Energielabel (PDF) &gt;<\/span>\n\t\t\t\t\t<\/span>\n\t\t\t\t\t<\/a>\n\t\t\t\t<\/div>\n\t\t\t\t\t\t\t\t<\/div>\n\t\t\t\t<\/div>\n\t\t\t\t\t<\/div>\n\t\t<\/div>\n\t\t\t\t\t<\/div>\n\t\t<\/section>\n\t\t\t\t<section class=\"elementor-section elementor-top-section elementor-element elementor-element-cdd4f82 elementor-section-boxed elementor-section-height-default elementor-section-height-default\" data-id=\"cdd4f82\" data-element_type=\"section\">\n\t\t\t\t\t\t<div class=\"elementor-container elementor-column-gap-default\">\n\t\t\t\t\t<div class=\"elementor-column elementor-col-100 elementor-top-column elementor-element elementor-element-fea1775\" data-id=\"fea1775\" data-element_type=\"column\">\n\t\t\t<div class=\"elementor-widget-wrap elementor-element-populated\">\n\t\t\t\t\t\t<div class=\"elementor-element elementor-element-11c0495 elementor-widget elementor-widget-heading\" data-id=\"11c0495\" data-element_type=\"widget\" data-widget_type=\"heading.default\">\n\t\t\t\t<div class=\"elementor-widget-container\">\n\t\t\t\t\t<h2 class=\"elementor-heading-title elementor-size-default\">Ausstattung<\/h2>\t\t\t\t<\/div>\n\t\t\t\t<\/div>\n\t\t\t\t\t<\/div>\n\t\t<\/div>\n\t\t\t\t\t<\/div>\n\t\t<\/section>\n\t\t\t\t<section class=\"elementor-section elementor-top-section elementor-element elementor-element-d06ca45 elementor-section-boxed elementor-section-height-default elementor-section-height-default\" data-id=\"d06ca45\" data-element_type=\"section\">\n\t\t\t\t\t\t<div class=\"elementor-container elementor-column-gap-default\">\n\t\t\t\t\t<div class=\"elementor-column elementor-col-50 elementor-top-column elementor-element elementor-element-0ffebb9\" data-id=\"0ffebb9\" data-element_type=\"column\">\n\t\t\t<div class=\"elementor-widget-wrap elementor-element-populated\">\n\t\t\t\t\t\t\t<\/div>\n\t\t<\/div>\n\t\t\t\t<div class=\"elementor-column elementor-col-50 elementor-top-column elementor-element elementor-element-0cf6285\" data-id=\"0cf6285\" data-element_type=\"column\">\n\t\t\t<div class=\"elementor-widget-wrap elementor-element-populated\">\n\t\t\t\t\t\t\t<\/div>\n\t\t<\/div>\n\t\t\t\t\t<\/div>\n\t\t<\/section>\n\t\t\t\t<section class=\"elementor-section elementor-top-section elementor-element elementor-element-90e6355 elementor-section-full_width elementor-section-height-default elementor-section-height-default\" data-id=\"90e6355\" data-element_type=\"section\">\n\t\t\t\t\t\t<div class=\"elementor-container elementor-column-gap-default\">\n\t\t\t\t\t<div class=\"elementor-column elementor-col-100 elementor-top-column elementor-element elementor-element-c5b736b\" data-id=\"c5b736b\" data-element_type=\"column\" data-settings=\"{&quot;background_background&quot;:&quot;classic&quot;}\">\n\t\t\t<div class=\"elementor-widget-wrap elementor-element-populated\">\n\t\t\t\t\t\t<div class=\"elementor-element elementor-element-2920d4f elementor-widget elementor-widget-heading\" data-id=\"2920d4f\" data-element_type=\"widget\" data-widget_type=\"heading.default\">\n\t\t\t\t<div class=\"elementor-widget-container\">\n\t\t\t\t\t<h3 class=\"elementor-heading-title elementor-size-default\">Wir beraten Sie gerne!<\/h3>\t\t\t\t<\/div>\n\t\t\t\t<\/div>\n\t\t\t\t<div class=\"elementor-element elementor-element-a3b6ba9 elementor-align-center elementor-widget elementor-widget-button\" data-id=\"a3b6ba9\" data-element_type=\"widget\" data-widget_type=\"button.default\">\n\t\t\t\t<div class=\"elementor-widget-container\">\n\t\t\t\t\t\t\t\t\t<div class=\"elementor-button-wrapper\">\n\t\t\t\t\t<a class=\"elementor-button elementor-button-link elementor-size-sm\" href=\"https:\/\/meyer-autohaus.de\/index.php\/kontakt\/\">\n\t\t\t\t\t\t<span class=\"elementor-button-content-wrapper\">\n\t\t\t\t\t\t\t\t\t<span class=\"elementor-button-text\">Zum Kontakt &gt;<\/span>\n\t\t\t\t\t<\/span>\n\t\t\t\t\t<\/a>\n\t\t\t\t<\/div>\n\t\t\t\t\t\t\t\t<\/div>\n\t\t\t\t<\/div>\n\t\t\t\t\t<\/div>\n\t\t<\/div>\n\t\t\t\t\t<\/div>\n\t\t<\/section>\n\t\t\t\t<section class=\"elementor-section elementor-top-section elementor-element elementor-element-0addc32 elementor-section-boxed elementor-section-height-default elementor-section-height-default\" data-id=\"0addc32\" data-element_type=\"section\">\n\t\t\t\t\t\t<div class=\"elementor-container elementor-column-gap-default\">\n\t\t\t\t\t<div class=\"elementor-column elementor-col-100 elementor-top-column elementor-element elementor-element-6181f60\" data-id=\"6181f60\" data-element_type=\"column\">\n\t\t\t<div class=\"elementor-widget-wrap\">\n\t\t\t\t\t\t\t<\/div>\n\t\t<\/div>\n\t\t\t\t\t<\/div>\n\t\t<\/section>\n\t\t\t\t<section class=\"elementor-section elementor-top-section elementor-element elementor-element-9044701 elementor-section-boxed elementor-section-height-default elementor-section-height-default\" data-id=\"9044701\" data-element_type=\"section\">\n\t\t\t\t\t\t<div class=\"elementor-container elementor-column-gap-default\">\n\t\t\t\t\t<div class=\"elementor-column elementor-col-100 elementor-top-column elementor-element elementor-element-41d4285\" data-id=\"41d4285\" data-element_type=\"column\">\n\t\t\t<div class=\"elementor-widget-wrap elementor-element-populated\">\n\t\t\t\t\t\t<div class=\"elementor-element elementor-element-399463a elementor-widget elementor-widget-video\" data-id=\"399463a\" data-element_type=\"widget\" data-settings=\"{&quot;youtube_url&quot;:&quot;https:\\\/\\\/www.youtube.com\\\/watch?v=Toc4_L1OSm0&quot;,&quot;video_type&quot;:&quot;youtube&quot;,&quot;controls&quot;:&quot;yes&quot;}\" data-widget_type=\"video.default\">\n\t\t\t\t<div class=\"elementor-widget-container\">\n\t\t\t\t\t\t\t<div class=\"elementor-wrapper elementor-open-inline\">\n\t\t\t<div class=\"elementor-video\"><\/div>\t\t<\/div>\n\t\t\t\t\t\t<\/div>\n\t\t\t\t<\/div>\n\t\t\t\t\t<\/div>\n\t\t<\/div>\n\t\t\t\t\t<\/div>\n\t\t<\/section>\n\t\t\t\t<\/div>\n\t\t","protected":false},"excerpt":{"rendered":"<p>Forthing 5 Im Forthing 5 erleben Sie erstklassigen und aussergew\u00f6hnlichen Fahrspass sowie Fahrkomfort zum absoluten Tiefstpreis. Das Fahrzeug besticht durch sein sch\u00f6nes und sportliches Design. Bei der Qualit\u00e4t wurde der Ma\u00dfstab sehr hoch angesetzt und bei den Gesch\u00e4ftspartnern auf namhafte Hersteller und Zulieferer zur\u00fcckgegriffen. Mit seinen 130KW starken 1,5 liter Turbotriebwerk bietet er dank der [&hellip;]<\/p>\n","protected":false},"author":2,"featured_media":0,"parent":0,"menu_order":0,"comment_status":"closed","ping_status":"closed","template":"","meta":{"site-sidebar-layout":"no-sidebar","site-content-layout":"page-builder","ast-site-content-layout":"default","site-content-style":"default","site-sidebar-style":"default","ast-global-header-display":"","ast-banner-title-visibility":"","ast-main-header-display":"","ast-hfb-above-header-display":"","ast-hfb-below-header-display":"","ast-hfb-mobile-header-display":"","site-post-title":"disabled","ast-breadcrumbs-content":"","ast-featured-img":"disabled","footer-sml-layout":"","ast-disable-related-posts":"","theme-transparent-header-meta":"default","adv-header-id-meta":"","stick-header-meta":"","header-above-stick-meta":"","header-main-stick-meta":"","header-below-stick-meta":"","astra-migrate-meta-layouts":"default","ast-page-background-enabled":"default","ast-page-background-meta":{"desktop":{"background-color":"","background-image":"","background-repeat":"repeat","background-position":"center center","background-size":"auto","background-attachment":"scroll","background-type":"","background-media":"","overlay-type":"","overlay-color":"","overlay-opacity":"","overlay-gradient":""},"tablet":{"background-color":"","background-image":"","background-repeat":"repeat","background-position":"center center","background-size":"auto","background-attachment":"scroll","background-type":"","background-media":"","overlay-type":"","overlay-color":"","overlay-opacity":"","overlay-gradient":""},"mobile":{"background-color":"","background-image":"","background-repeat":"repeat","background-position":"center center","background-size":"auto","background-attachment":"scroll","background-type":"","background-media":"","overlay-type":"","overlay-color":"","overlay-opacity":"","overlay-gradient":""}},"ast-content-background-meta":{"desktop":{"background-color":"var(--ast-global-color-5)","background-image":"","background-repeat":"repeat","background-position":"center center","background-size":"auto","background-attachment":"scroll","background-type":"","background-media":"","overlay-type":"","overlay-color":"","overlay-opacity":"","overlay-gradient":""},"tablet":{"background-color":"var(--ast-global-color-5)","background-image":"","background-repeat":"repeat","background-position":"center center","background-size":"auto","background-attachment":"scroll","background-type":"","background-media":"","overlay-type":"","overlay-color":"","overlay-opacity":"","overlay-gradient":""},"mobile":{"background-color":"var(--ast-global-color-5)","background-image":"","background-repeat":"repeat","background-position":"center center","background-size":"auto","background-attachment":"scroll","background-type":"","background-media":"","overlay-type":"","overlay-color":"","overlay-opacity":"","overlay-gradient":""}},"footnotes":""},"class_list":["post-926","page","type-page","status-publish","hentry"],"_links":{"self":[{"href":"https:\/\/meyer-autohaus.de\/index.php\/wp-json\/wp\/v2\/pages\/926","targetHints":{"allow":["GET"]}}],"collection":[{"href":"https:\/\/meyer-autohaus.de\/index.php\/wp-json\/wp\/v2\/pages"}],"about":[{"href":"https:\/\/meyer-autohaus.de\/index.php\/wp-json\/wp\/v2\/types\/page"}],"author":[{"embeddable":true,"href":"https:\/\/meyer-autohaus.de\/index.php\/wp-json\/wp\/v2\/users\/2"}],"replies":[{"embeddable":true,"href":"https:\/\/meyer-autohaus.de\/index.php\/wp-json\/wp\/v2\/comments?post=926"}],"version-history":[{"count":14,"href":"https:\/\/meyer-autohaus.de\/index.php\/wp-json\/wp\/v2\/pages\/926\/revisions"}],"predecessor-version":[{"id":1002,"href":"https:\/\/meyer-autohaus.de\/index.php\/wp-json\/wp\/v2\/pages\/926\/revisions\/1002"}],"wp:attachment":[{"href":"https:\/\/meyer-autohaus.de\/index.php\/wp-json\/wp\/v2\/media?parent=926"}],"curies":[{"name":"wp","href":"https:\/\/api.w.org\/{rel}","templated":true}]}}